{"id":233,"date":"2023-02-27T15:44:10","date_gmt":"2023-02-27T14:44:10","guid":{"rendered":"https:\/\/marcahome.it\/la-demeure\/"},"modified":"2024-06-12T21:59:11","modified_gmt":"2024-06-12T19:59:11","slug":"la-demeure","status":"publish","type":"page","link":"https:\/\/marcahome.it\/fr\/la-demeure\/","title":{"rendered":"Marenca Residence \/ Cartiera"},"content":{"rendered":"\n<h2 class=\"wp-block-heading\"><strong>Marenca Residence<\/strong><\/h2>\n\n<p>Inaugur\u00e9e en 2011 dans une zone verte et r\u00e9sidentielle, dans la Via Casali Cuserina \u00e0 Cannobio, la Marenca Residence propose des appartements bien meubl\u00e9s et dot\u00e9s de tout le confort. Adjacent au centre ville, avec 10 appartements, le Marenca Residence offre \u00e0 ses h\u00f4tes des vacances d'hospitalit\u00e9 et de tranquillit\u00e9.<\/p>\n\n<p>Marcahome g\u00e8re deux appartements : <\/p>\n\n<ul class=\"wp-block-list\">\n<li><strong>Un appartement de deux pi\u00e8ces<\/strong> au rez-de-chauss\u00e9e, d'une superficie d'environ 50 m\u00e8tres carr\u00e9s. L'appartement se compose d'un grand salon avec un canap\u00e9-lit \u00e0 deux places, d'une kitchenette \u00e9quip\u00e9e d'un lave-vaisselle, d'un r\u00e9frig\u00e9rateur, d'une plaque de cuisson \u00e9lectrique, d'une machine \u00e0 caf\u00e9 Nespresso et une cafeti\u00e8re \u00e0 filtre, d'une bouilloire \u00e9lectrique, d'un grille-pain et d'un four \u00e0 micro-ondes. TV HD avec cha\u00eenes satellite et WIFI. Chambre \u00e0 coucher avec un nouveau lit double (180 x 200 cm), une grande armoire et une petite terrasse. Salle de bain avec WC, cabine de douche neuve et s\u00e8che-cheveux. Terrasse couverte d'environ 12 m\u00b2, jardin et 2 chaises longues.<\/li>\n<\/ul>\n\n<ul class=\"wp-block-list\">\n<li><strong>Un appartement de trois pi\u00e8ces <\/strong>\"open space\" au premier \u00e9tage d'une superficie d'environ 80 m\u00e8tres carr\u00e9s. L'appartement se compose d'un grand salon avec canap\u00e9-lit, d'une kitchenette \u00e9quip\u00e9e d'un lave-vaisselle, d'un r\u00e9frig\u00e9rateur, d'une plaque de cuisson \u00e9lectrique, d'une machine \u00e0 caf\u00e9 Nespresso et une cafeti\u00e8re \u00e2 filtre, d'une bouilloire \u00e9lectrique, d'un grille-pain et d'un four \u00e0 micro-ondes. TV HD avec cha\u00eenes satellite et WIFI. Chambre \u00e0 coucher avec un nouveau lit double (180 x 200 cm) avec une grande armoire et un petit balcon. Salle de bains avec WC, bidet, cabine de douche et s\u00e8che-cheveux. Balcon couvert d'environ 12 m\u00b2 avec vue panoramique sur les montagnes et le lac. La deuxi\u00e8me chambre se trouve dans le mezzanine, accessible par un escalier en colima\u00e7on, est ouverte sur la salle de s\u00e9jour situ\u00e9e en dessous. Elle dispose de 3 lits simples et d'un autre petit balcon avec une belle vue panoramique.<\/li>\n<\/ul>\n\n<p>Nos appartements sont \u00e9quip\u00e9s de draps de lit et de serviettes de bain. Un parking ext\u00e9rieur gratuit est disponible pour chacun des deux appartements. Sur demande, et sous r\u00e9serve de disponibilit\u00e9, il est possible de r\u00e9server une place de parking dans le garage (\u20ac 5.00\/jour ; \u20ac 25.00\/semaine). En outre, des bicyclettes et une machine \u00e0 laver (\u00e0 usage commun) sont disponibles dans le b\u00e2timent. En raison de la grandeur des appartements, cette propri\u00e9t\u00e9 convient \u00e9galement aux familles. <\/p>\n\n<h2 class=\"wp-block-heading\"><strong>Cartiera<\/strong><\/h2>\n\n<p>Petit mais charmant appartement de 2 pi\u00e8ces (environ 30 m2) avec jardin et jacuzzi, l'appartement est situ\u00e9 dans une maison individuelle dans un quartier calme et tr\u00e8s ensoleill\u00e9 \u00e0 quelques pas du vieux centre, du parc Cartiera et de la rivi\u00e8re Cannobino. \u00c0 c\u00f4t\u00e9 de la maison, une piste cyclable et p\u00e9destre m\u00e8ne directement \u00e0 la plage et au bord du lac de Cannobio en environ 10 \u00e0 15 minutes \u00e0 pied. <\/p>\n\n<p>L'appartement se compose d'un petit salon avec un canap\u00e9-lit simple, d'une kitchenette \u00e9quip\u00e9e d'un lave-vaisselle, d'un r\u00e9frig\u00e9rateur, d'une plaque de cuisson \u00e9lectrique, d'une machine \u00e0 caf\u00e9 Nespresso et am\u00e9ricaine, d'une bouilloire \u00e9lectrique, d'un grille-pain et d'un four \u00e0 micro-ondes. TV HD avec cha\u00eenes satellite et WIFI. Chambre avec un nouveau lit double standard (160 x 190 cm) et une armoire. Salle de bain avec WC, cabine de douche, bidet, lave-linge et s\u00e8che-cheveux. Terrasse avec mobilier de jardin et 2 chaises longues. Deux bicyclettes sont disponibles pour l'usage exclusif des h\u00f4tes. L'appartement est \u00e9quip\u00e9 de linge de lit, de serviettes de toilette, de peignoirs et de serviettes de plage. Possibilit\u00e9 de parking devant la maison (parking public). <\/p>\n\n<p><\/p>\n\n<p><\/p>\n\n<p><\/p>\n\n<p><\/p>\n","protected":false},"excerpt":{"rendered":"<p>Marenca Residence Inaugur\u00e9e en 2011 dans une zone verte et r\u00e9sidentielle, dans la Via Casali Cuserina \u00e0 Cannobio, la Marenca Residence propose des appartements bien meubl\u00e9s et dot\u00e9s de tout le confort. Adjacent au centre ville, avec 10 appartements, le Marenca Residence offre \u00e0 ses h\u00f4tes des vacances d'hospitalit\u00e9 et de tranquillit\u00e9. Marcahome g\u00e8re deux [&hellip;]<\/p>\n","protected":false},"author":2,"featured_media":0,"parent":0,"menu_order":0,"comment_status":"closed","ping_status":"closed","template":"template-front-page.php","meta":{"footnotes":""},"class_list":["post-233","page","type-page","status-publish","hentry"],"_links":{"self":[{"href":"https:\/\/marcahome.it\/fr\/wp-json\/wp\/v2\/pages\/233","targetHints":{"allow":["GET"]}}],"collection":[{"href":"https:\/\/marcahome.it\/fr\/wp-json\/wp\/v2\/pages"}],"about":[{"href":"https:\/\/marcahome.it\/fr\/wp-json\/wp\/v2\/types\/page"}],"author":[{"embeddable":true,"href":"https:\/\/marcahome.it\/fr\/wp-json\/wp\/v2\/users\/2"}],"replies":[{"embeddable":true,"href":"https:\/\/marcahome.it\/fr\/wp-json\/wp\/v2\/comments?post=233"}],"version-history":[{"count":4,"href":"https:\/\/marcahome.it\/fr\/wp-json\/wp\/v2\/pages\/233\/revisions"}],"predecessor-version":[{"id":679,"href":"https:\/\/marcahome.it\/fr\/wp-json\/wp\/v2\/pages\/233\/revisions\/679"}],"wp:attachment":[{"href":"https:\/\/marcahome.it\/fr\/wp-json\/wp\/v2\/media?parent=233"}],"curies":[{"name":"wp","href":"https:\/\/api.w.org\/{rel}","templated":true}]}}